{"id":2,"date":"2015-09-16T04:24:25","date_gmt":"2015-09-16T04:24:25","guid":{"rendered":"http:\/\/wp431m.a10-52-158-154.qa.plesk.ru\/wordpress\/?page_id=2"},"modified":"2015-12-15T14:31:37","modified_gmt":"2015-12-15T14:31:37","slug":"sample-page","status":"publish","type":"page","link":"https:\/\/www.caio.aero\/Es\/","title":{"rendered":"Inicio"},"content":{"rendered":"<p>[vc_row row_type=&#8221;row&#8221; use_row_as_full_screen_section=&#8221;no&#8221; type=&#8221;grid&#8221; angled_section=&#8221;no&#8221; text_align=&#8221;left&#8221; background_image=&#8221;41&#8243; background_image_as_pattern=&#8221;without_pattern&#8221; css_animation=&#8221;&#8221; css=&#8221;.vc_custom_1446200263966{margin-top: 0px !important;margin-right: 0px !important;margin-bottom: 0px !important;margin-left: 0px !important;border-top-width: 0px !important;border-right-width: 0px !important;border-bottom-width: 0px !important;border-left-width: 0px !important;padding-top: 0px !important;padding-right: 0px !important;padding-bottom: 140px !important;padding-left: 0px !important;}&#8221;][vc_column width=&#8221;1\/6&#8243;][\/vc_column][vc_column width=&#8221;2\/3&#8243;][vc_empty_space height=&#8221;300px&#8221;][vc_column_text]<\/p>\n<h5 style=\"text-align: center;\"><strong><span style=\"color: #ffffff;\">CAIO<\/span><\/strong><\/h5>\n<p>[\/vc_column_text][vc_separator type=&#8221;transparent&#8221;][vc_column_text]<\/p>\n<h1 style=\"text-align: center;\"><span style=\"color: #ffffff;\">Consorcio de Gesti\u00f3n del Aer\u00f3dromo Igualada-\u00d3dena<\/span><\/h1>\n<p>[\/vc_column_text][vc_separator type=&#8221;transparent&#8221;][vc_column_text]<\/p>\n<h4 style=\"text-align: center;\"><span style=\"color: #ffffff;\"><strong>Aer\u00f3dromo de Igualada-\u00d3dena &#8211; Aviaci\u00f3n general y Deportiva &#8211; <\/strong><\/span><\/h4>\n<p>[\/vc_column_text][\/vc_column][vc_column width=&#8221;1\/6&#8243;][\/vc_column][\/vc_row][vc_row row_type=&#8221;row&#8221; use_row_as_full_screen_section=&#8221;no&#8221; type=&#8221;full_width&#8221; angled_section=&#8221;no&#8221; text_align=&#8221;left&#8221; background_image_as_pattern=&#8221;without_pattern&#8221; css_animation=&#8221;&#8221;][vc_column][vc_empty_space height=&#8221;40px&#8221;][\/vc_column][\/vc_row][vc_row row_type=&#8221;row&#8221; use_row_as_full_screen_section=&#8221;no&#8221; type=&#8221;grid&#8221; angled_section=&#8221;no&#8221; text_align=&#8221;left&#8221; background_image_as_pattern=&#8221;without_pattern&#8221; css_animation=&#8221;&#8221;][vc_column width=&#8221;1\/6&#8243;][\/vc_column][vc_column width=&#8221;2\/3&#8243;][vc_column_text]<\/p>\n<h1 style=\"text-align: center;\"><b>CAIO<\/b><\/h1>\n<p>[\/vc_column_text][vc_separator type=&#8221;transparent&#8221;][vc_column_text]<\/p>\n<p class=\"p1\" style=\"text-align: center;\">Consorcio de Gesti\u00f3n del aer\u00f3dromo es el \u00f3rgano p\u00fablico conformado por los Ayuntamientos de Igualada y de \u00d3dena que gestiona y realiza el mantenimiento de todas las infraestructuras t\u00e9cnicas y administrativas para que, dentro del aer\u00f3dromo, se puedan realizar todas las actividades que empresas y clubes quieran desarrollar.<\/p>\n<p>[\/vc_column_text][vc_separator type=&#8221;transparent&#8221;][vc_column_text]<\/p>\n<h6 style=\"text-align: center;\"><span style=\"color: #3c56a3;\"><strong><a href=\"http:\/\/www.caio.aero\/es\/aerodromo-igualada-odena\/\">+ INFORMACI\u00d3N<\/a><\/strong><\/span><\/h6>\n<p>[\/vc_column_text][\/vc_column][vc_column width=&#8221;1\/6&#8243;][\/vc_column][\/vc_row][vc_row row_type=&#8221;row&#8221; use_row_as_full_screen_section=&#8221;no&#8221; type=&#8221;full_width&#8221; angled_section=&#8221;no&#8221; text_align=&#8221;left&#8221; background_image_as_pattern=&#8221;without_pattern&#8221; css_animation=&#8221;&#8221;][vc_column][vc_empty_space height=&#8221;100px&#8221;][\/vc_column][\/vc_row][vc_row row_type=&#8221;row&#8221; use_row_as_full_screen_section=&#8221;no&#8221; type=&#8221;full_width&#8221; angled_section=&#8221;no&#8221; text_align=&#8221;left&#8221; background_image_as_pattern=&#8221;without_pattern&#8221; css_animation=&#8221;&#8221;][vc_column][vc_empty_space height=&#8221;40px&#8221;][\/vc_column][\/vc_row][vc_row row_type=&#8221;row&#8221; use_row_as_full_screen_section=&#8221;no&#8221; type=&#8221;full_width&#8221; angled_section=&#8221;no&#8221; text_align=&#8221;left&#8221; background_image_as_pattern=&#8221;without_pattern&#8221; css_animation=&#8221;&#8221; css=&#8221;.vc_custom_1446077656570{background-color: #1a6ca3 !important;}&#8221;][vc_column width=&#8221;2\/3&#8243;][vc_separator type=&#8221;transparent&#8221;][vc_separator type=&#8221;transparent&#8221;][vc_separator type=&#8221;transparent&#8221;][vc_column_text css=&#8221;.vc_custom_1450187565859{padding-top: 0px !important;padding-right: 0px !important;padding-bottom: 0px !important;padding-left: 20px !important;}&#8221;]<\/p>\n<h4 style=\"text-align: right;\"><span style=\"color: #ffffff;\"><b>Todos lo datos t\u00e9cnicos del Aer\u00f3dromo Igualada-\u00d3dena<\/b><\/span><\/h4>\n<h4 style=\"text-align: right;\"><span style=\"color: #ffffff;\">\u00a0<\/span><\/h4>\n<p>[\/vc_column_text][vc_separator type=&#8221;transparent&#8221;][vc_separator type=&#8221;transparent&#8221;][\/vc_column][vc_column width=&#8221;1\/3&#8243;][vc_separator type=&#8221;transparent&#8221;][vc_separator type=&#8221;transparent&#8221;]<a  href=\"http:\/\/www.caio.aero\/Es\/aerodromo-igualada-odena\/\" target=\"_self\" data-hover-background-color=#0051a3 data-hover-border-color=#0051a3 data-hover-color=#ffffff class=\"qbutton  large white default\" style=\"color: #ffffff; border-color: #1e73be; border-radius: 30px;-moz-border-radius: 30px;-webkit-border-radius: 30px; background-color: #1e73be;\">+ informaci\u00f3n<i class=\"fa fa-arrow-right\" style=\"color: #ffffff;\"><\/i><\/a>[vc_separator type=&#8221;transparent&#8221;][vc_separator type=&#8221;transparent&#8221;][\/vc_column][\/vc_row]<\/p>","protected":false},"excerpt":{"rendered":"<p>[vc_row row_type=&#8221;row&#8221; use_row_as_full_screen_section=&#8221;no&#8221; type=&#8221;grid&#8221; angled_section=&#8221;no&#8221; text_align=&#8221;left&#8221; background_image=&#8221;41&#8243; background_image_as_pattern=&#8221;without_pattern&#8221; css_animation=&#8221;&#8221; css=&#8221;.vc_custom_1446200263966{margin-top: 0px !important;margin-right: 0px !important;margin-bottom: 0px !important;margin-left: 0px !important;border-top-width: 0px !important;border-right-width: 0px !important;border-bottom-width: 0px !important;border-left-width: 0px !important;padding-top: 0px !important;padding-right: 0px !important;padding-bottom: 140px !important;padding-left: 0px !important;}&#8221;][vc_column width=&#8221;1\/6&#8243;][\/vc_column][vc_column width=&#8221;2\/3&#8243;][vc_empty_space height=&#8221;300px&#8221;][vc_column_text] CAIO [\/vc_column_text][vc_separator type=&#8221;transparent&#8221;][vc_column_text] Consorcio de Gesti\u00f3n del Aer\u00f3dromo Igualada-\u00d3dena [\/vc_column_text][vc_separator type=&#8221;transparent&#8221;][vc_column_text] Aer\u00f3dromo de Igualada-\u00d3dena &#8211; Aviaci\u00f3n general y Deportiva &#8211; [\/vc_column_text][\/vc_column][vc_column width=&#8221;1\/6&#8243;][\/vc_column][\/vc_row][vc_row row_type=&#8221;row&#8221; use_row_as_full_screen_section=&#8221;no&#8221; type=&#8221;full_width&#8221; angled_section=&#8221;no&#8221; text_align=&#8221;left&#8221; background_image_as_pattern=&#8221;without_pattern&#8221; css_animation=&#8221;&#8221;][vc_column][vc_empty_space height=&#8221;40px&#8221;][\/vc_column][\/vc_row][vc_row row_type=&#8221;row&#8221; use_row_as_full_screen_section=&#8221;no&#8221; type=&#8221;grid&#8221; angled_section=&#8221;no&#8221; text_align=&#8221;left&#8221; background_image_as_pattern=&#8221;without_pattern&#8221; css_animation=&#8221;&#8221;][vc_column width=&#8221;1\/6&#8243;][\/vc_column][vc_column width=&#8221;2\/3&#8243;][vc_column_text] CAIO [\/vc_column_text][vc_separator type=&#8221;transparent&#8221;][vc_column_text] Consorcio de Gesti\u00f3n del aer\u00f3dromo es el \u00f3rgano p\u00fablico conformado por los Ayuntamientos de Igualada y de \u00d3dena que gestiona y realiza el mantenimiento de todas las infraestructuras t\u00e9cnicas y administrativas para que, dentro del aer\u00f3dromo, se puedan realizar todas las actividades que empresas y clubes quieran desarrollar. [\/vc_column_text][vc_separator type=&#8221;transparent&#8221;][vc_column_text] + INFORMACI\u00d3N [\/vc_column_text][\/vc_column][vc_column width=&#8221;1\/6&#8243;][\/vc_column][\/vc_row][vc_row row_type=&#8221;row&#8221; use_row_as_full_screen_section=&#8221;no&#8221; type=&#8221;full_width&#8221; angled_section=&#8221;no&#8221; text_align=&#8221;left&#8221; background_image_as_pattern=&#8221;without_pattern&#8221; css_animation=&#8221;&#8221;][vc_column][vc_empty_space height=&#8221;100px&#8221;][\/vc_column][\/vc_row][vc_row row_type=&#8221;row&#8221; use_row_as_full_screen_section=&#8221;no&#8221; type=&#8221;full_width&#8221; angled_section=&#8221;no&#8221; text_align=&#8221;left&#8221; background_image_as_pattern=&#8221;without_pattern&#8221; css_animation=&#8221;&#8221;][vc_column][vc_empty_space height=&#8221;40px&#8221;][\/vc_column][\/vc_row][vc_row row_type=&#8221;row&#8221; use_row_as_full_screen_section=&#8221;no&#8221; type=&#8221;full_width&#8221; angled_section=&#8221;no&#8221; text_align=&#8221;left&#8221; background_image_as_pattern=&#8221;without_pattern&#8221; css_animation=&#8221;&#8221; css=&#8221;.vc_custom_1446077656570{background-color: #1a6ca3 !important;}&#8221;][vc_column width=&#8221;2\/3&#8243;][vc_separator type=&#8221;transparent&#8221;][vc_separator type=&#8221;transparent&#8221;][vc_separator type=&#8221;transparent&#8221;][vc_column_text css=&#8221;.vc_custom_1450187565859{padding-top: 0px !important;padding-right: 0px !important;padding-bottom: 0px !important;padding-left: 20px !important;}&#8221;] Todos lo datos t\u00e9cnicos del Aer\u00f3dromo Igualada-\u00d3dena \u00a0 [\/vc_column_text][vc_separator type=&#8221;transparent&#8221;][vc_separator type=&#8221;transparent&#8221;][\/vc_column][vc_column width=&#8221;1\/3&#8243;][vc_separator type=&#8221;transparent&#8221;][vc_separator type=&#8221;transparent&#8221;][vc_separator type=&#8221;transparent&#8221;][vc_separator type=&#8221;transparent&#8221;][\/vc_column][\/vc_row]<\/p>\n","protected":false},"author":1,"featured_media":0,"parent":0,"menu_order":0,"comment_status":"closed","ping_status":"open","template":"full_width.php","meta":[],"yoast_head":"<!-- This site is optimized with the Yoast SEO plugin v19.9 - https:\/\/yoast.com\/wordpress\/plugins\/seo\/ -->\n<title>CAIO | Aer\u00f2drom d\u2019Igualada-\u00d2dena<\/title>\n<meta name=\"description\" content=\"CAIO | Aer\u00f2drom d\u2019Igualada-\u00d2dena \u00e9s el Consorci de Gesti\u00f3 de l\u2019Aer\u00f2drom, l\u2019empresa que gestiona totes les infraestructures l\u2019Aer\u00f2drom\" \/>\n<meta name=\"robots\" content=\"index, follow, max-snippet:-1, max-image-preview:large, max-video-preview:-1\" \/>\n<link rel=\"canonical\" href=\"https:\/\/www.caio.aero\/\" \/>\n<meta property=\"og:locale\" content=\"es_ES\" \/>\n<meta property=\"og:type\" content=\"article\" \/>\n<meta property=\"og:title\" content=\"CAIO | Aer\u00f2drom d\u2019Igualada-\u00d2dena\" \/>\n<meta property=\"og:description\" content=\"CAIO | Aer\u00f2drom d\u2019Igualada-\u00d2dena \u00e9s el Consorci de Gesti\u00f3 de l\u2019Aer\u00f2drom, l\u2019empresa que gestiona totes les infraestructures l\u2019Aer\u00f2drom\" \/>\n<meta property=\"og:url\" content=\"https:\/\/www.caio.aero\/\" \/>\n<meta property=\"og:site_name\" content=\"CAIO\" \/>\n<meta property=\"article:modified_time\" content=\"2015-12-15T14:31:37+00:00\" \/>\n<meta name=\"twitter:card\" content=\"summary_large_image\" \/>\n<meta name=\"twitter:label1\" content=\"Est. reading time\" \/>\n\t<meta name=\"twitter:data1\" content=\"7 minutes\" \/>\n<script type=\"application\/ld+json\" class=\"yoast-schema-graph\">{\"@context\":\"https:\/\/schema.org\",\"@graph\":[{\"@type\":\"WebPage\",\"@id\":\"https:\/\/www.caio.aero\/\",\"url\":\"https:\/\/www.caio.aero\/\",\"name\":\"CAIO | Aer\u00f2drom d\u2019Igualada-\u00d2dena\",\"isPartOf\":{\"@id\":\"https:\/\/www.caio.aero\/#website\"},\"datePublished\":\"2015-09-16T04:24:25+00:00\",\"dateModified\":\"2015-12-15T14:31:37+00:00\",\"description\":\"CAIO | Aer\u00f2drom d\u2019Igualada-\u00d2dena \u00e9s el Consorci de Gesti\u00f3 de l\u2019Aer\u00f2drom, l\u2019empresa que gestiona totes les infraestructures l\u2019Aer\u00f2drom\",\"breadcrumb\":{\"@id\":\"https:\/\/www.caio.aero\/#breadcrumb\"},\"inLanguage\":\"es-es\",\"potentialAction\":[{\"@type\":\"ReadAction\",\"target\":[\"https:\/\/www.caio.aero\/\"]}]},{\"@type\":\"BreadcrumbList\",\"@id\":\"https:\/\/www.caio.aero\/#breadcrumb\",\"itemListElement\":[{\"@type\":\"ListItem\",\"position\":1,\"name\":\"Home\",\"item\":\"https:\/\/www.caio.aero\/\"},{\"@type\":\"ListItem\",\"position\":2,\"name\":\"Inici\"}]},{\"@type\":\"WebSite\",\"@id\":\"https:\/\/www.caio.aero\/#website\",\"url\":\"https:\/\/www.caio.aero\/\",\"name\":\"CAIO\",\"description\":\"Consorci Aer\u00f2drom Igualada \u00d2dena\",\"potentialAction\":[{\"@type\":\"SearchAction\",\"target\":{\"@type\":\"EntryPoint\",\"urlTemplate\":\"https:\/\/www.caio.aero\/?s={search_term_string}\"},\"query-input\":\"required name=search_term_string\"}],\"inLanguage\":\"es-es\"}]}<\/script>\n<!-- \/ Yoast SEO plugin. -->","yoast_head_json":{"title":"CAIO | Aer\u00f2drom d\u2019Igualada-\u00d2dena","description":"CAIO | Aer\u00f2drom d\u2019Igualada-\u00d2dena \u00e9s el Consorci de Gesti\u00f3 de l\u2019Aer\u00f2drom, l\u2019empresa que gestiona totes les infraestructures l\u2019Aer\u00f2drom","robots":{"index":"index","follow":"follow","max-snippet":"max-snippet:-1","max-image-preview":"max-image-preview:large","max-video-preview":"max-video-preview:-1"},"canonical":"https:\/\/www.caio.aero\/","og_locale":"es_ES","og_type":"article","og_title":"CAIO | Aer\u00f2drom d\u2019Igualada-\u00d2dena","og_description":"CAIO | Aer\u00f2drom d\u2019Igualada-\u00d2dena \u00e9s el Consorci de Gesti\u00f3 de l\u2019Aer\u00f2drom, l\u2019empresa que gestiona totes les infraestructures l\u2019Aer\u00f2drom","og_url":"https:\/\/www.caio.aero\/","og_site_name":"CAIO","article_modified_time":"2015-12-15T14:31:37+00:00","twitter_card":"summary_large_image","twitter_misc":{"Est. reading time":"7 minutes"},"schema":{"@context":"https:\/\/schema.org","@graph":[{"@type":"WebPage","@id":"https:\/\/www.caio.aero\/","url":"https:\/\/www.caio.aero\/","name":"CAIO | Aer\u00f2drom d\u2019Igualada-\u00d2dena","isPartOf":{"@id":"https:\/\/www.caio.aero\/#website"},"datePublished":"2015-09-16T04:24:25+00:00","dateModified":"2015-12-15T14:31:37+00:00","description":"CAIO | Aer\u00f2drom d\u2019Igualada-\u00d2dena \u00e9s el Consorci de Gesti\u00f3 de l\u2019Aer\u00f2drom, l\u2019empresa que gestiona totes les infraestructures l\u2019Aer\u00f2drom","breadcrumb":{"@id":"https:\/\/www.caio.aero\/#breadcrumb"},"inLanguage":"es-es","potentialAction":[{"@type":"ReadAction","target":["https:\/\/www.caio.aero\/"]}]},{"@type":"BreadcrumbList","@id":"https:\/\/www.caio.aero\/#breadcrumb","itemListElement":[{"@type":"ListItem","position":1,"name":"Home","item":"https:\/\/www.caio.aero\/"},{"@type":"ListItem","position":2,"name":"Inici"}]},{"@type":"WebSite","@id":"https:\/\/www.caio.aero\/#website","url":"https:\/\/www.caio.aero\/","name":"CAIO","description":"Consorci Aer\u00f2drom Igualada \u00d2dena","potentialAction":[{"@type":"SearchAction","target":{"@type":"EntryPoint","urlTemplate":"https:\/\/www.caio.aero\/?s={search_term_string}"},"query-input":"required name=search_term_string"}],"inLanguage":"es-es"}]}},"_links":{"self":[{"href":"https:\/\/www.caio.aero\/Es\/wp-json\/wp\/v2\/pages\/2"}],"collection":[{"href":"https:\/\/www.caio.aero\/Es\/wp-json\/wp\/v2\/pages"}],"about":[{"href":"https:\/\/www.caio.aero\/Es\/wp-json\/wp\/v2\/types\/page"}],"author":[{"embeddable":true,"href":"https:\/\/www.caio.aero\/Es\/wp-json\/wp\/v2\/users\/1"}],"replies":[{"embeddable":true,"href":"https:\/\/www.caio.aero\/Es\/wp-json\/wp\/v2\/comments?post=2"}],"version-history":[{"count":52,"href":"https:\/\/www.caio.aero\/Es\/wp-json\/wp\/v2\/pages\/2\/revisions"}],"predecessor-version":[{"id":259,"href":"https:\/\/www.caio.aero\/Es\/wp-json\/wp\/v2\/pages\/2\/revisions\/259"}],"wp:attachment":[{"href":"https:\/\/www.caio.aero\/Es\/wp-json\/wp\/v2\/media?parent=2"}],"curies":[{"name":"wp","href":"https:\/\/api.w.org\/{rel}","templated":true}]}}