{"id":84,"date":"2015-10-30T11:07:01","date_gmt":"2015-10-30T11:07:01","guid":{"rendered":"http:\/\/www.caio.cat\/?page_id=84"},"modified":"2015-12-15T15:08:35","modified_gmt":"2015-12-15T15:08:35","slug":"historia","status":"publish","type":"page","link":"https:\/\/www.caio.aero\/Es\/historia\/","title":{"rendered":"Historia"},"content":{"rendered":"<p>[vc_row row_type=&#8221;row&#8221; use_row_as_full_screen_section=&#8221;no&#8221; type=&#8221;grid&#8221; angled_section=&#8221;no&#8221; text_align=&#8221;left&#8221; background_image=&#8221;91&#8243; background_image_as_pattern=&#8221;without_pattern&#8221; css_animation=&#8221;&#8221; css=&#8221;.vc_custom_1446203797203{margin-top: 0px !important;margin-right: 0px !important;margin-bottom: 0px !important;margin-left: 0px !important;border-top-width: 0px !important;border-right-width: 0px !important;border-bottom-width: 0px !important;border-left-width: 0px !important;padding-top: 0px !important;padding-right: 0px !important;padding-bottom: 140px !important;padding-left: 0px !important;}&#8221;][vc_column width=&#8221;1\/6&#8243;][\/vc_column][vc_column width=&#8221;2\/3&#8243;][vc_empty_space height=&#8221;300px&#8221;][vc_column_text]<\/p>\n<h5 style=\"text-align: center;\"><strong><span style=\"color: #ffffff;\">CAIO<\/span><\/strong><\/h5>\n<p>[\/vc_column_text][vc_separator type=&#8221;transparent&#8221;][vc_column_text]<\/p>\n<h1 style=\"text-align: center;\"><span style=\"color: #ffffff;\">HISTORIA<\/span><\/h1>\n<p>[\/vc_column_text][vc_separator type=&#8221;transparent&#8221;][vc_column_text]<\/p>\n<p style=\"text-align: center;\"><span style=\"color: #ffffff;\">El aer\u00f3dromo de Igualada-\u00d2dena fue construido durante el periodo de la Guerra Civil espa\u00f1ola como campo de aviaci\u00f3n y de enlace del ej\u00e9rcito republicano. En 1959 el Ayuntamiento de Igualada compr\u00f3 los terrenos y ubic\u00f3 el aer\u00f3dromo actual.<\/span><\/p>\n<p>[\/vc_column_text][\/vc_column][vc_column width=&#8221;1\/6&#8243;][\/vc_column][\/vc_row][vc_row row_type=&#8221;row&#8221; use_row_as_full_screen_section=&#8221;no&#8221; type=&#8221;full_width&#8221; angled_section=&#8221;no&#8221; text_align=&#8221;left&#8221; background_image_as_pattern=&#8221;without_pattern&#8221; css_animation=&#8221;&#8221;][vc_column][vc_empty_space height=&#8221;40px&#8221;][\/vc_column][\/vc_row][vc_row row_type=&#8221;row&#8221; use_row_as_full_screen_section=&#8221;no&#8221; type=&#8221;full_width&#8221; angled_section=&#8221;no&#8221; text_align=&#8221;left&#8221; background_image_as_pattern=&#8221;without_pattern&#8221; css_animation=&#8221;&#8221;][vc_column width=&#8221;1\/4&#8243;][\/vc_column][vc_column width=&#8221;1\/2&#8243;][vc_separator type=&#8221;transparent&#8221;][vc_column_text]<\/p>\n<p style=\"text-align: center;\">El aer\u00f3dromo est\u00e1 concebido para acoger, exclusivamente, actividades de aviaci\u00f3n deportiva. Sin embargo, la Generalitat de Catalunya quiere potenciarlo para ayudar al desarrollo de las comarcas centrales y tiene la intenci\u00f3n de construir un sistema aeroportuario con todos los servicios necesarios para las aeronaves. El Plan Especial del Aer\u00f3dromo, ser\u00e1 el punto de partida para dinamizar esta instalaci\u00f3n en los pr\u00f3ximos a\u00f1os.<\/p>\n<p>[\/vc_column_text][vc_separator type=&#8221;transparent&#8221;][\/vc_column][vc_column width=&#8221;1\/4&#8243;][\/vc_column][\/vc_row][vc_row row_type=&#8221;row&#8221; use_row_as_full_screen_section=&#8221;no&#8221; type=&#8221;full_width&#8221; angled_section=&#8221;no&#8221; text_align=&#8221;left&#8221; background_image_as_pattern=&#8221;without_pattern&#8221; css_animation=&#8221;&#8221;][vc_column][vc_empty_space height=&#8221;100px&#8221;][\/vc_column][\/vc_row][vc_row row_type=&#8221;row&#8221; use_row_as_full_screen_section=&#8221;no&#8221; type=&#8221;full_width&#8221; angled_section=&#8221;no&#8221; text_align=&#8221;center&#8221; background_image=&#8221;43&#8243; background_image_as_pattern=&#8221;without_pattern&#8221; css_animation=&#8221;&#8221; css=&#8221;.vc_custom_1446193998684{margin-top: 0px !important;margin-right: 0px !important;margin-bottom: 0px !important;margin-left: 0px !important;border-top-width: 0px !important;border-right-width: 0px !important;border-bottom-width: 0px !important;border-left-width: 0px !important;padding-top: 0px !important;padding-right: 0px !important;padding-bottom: 200px !important;padding-left: 0px !important;}&#8221;][vc_column][vc_empty_space height=&#8221;200px&#8221;][vc_row_inner row_type=&#8221;row&#8221; type=&#8221;grid&#8221; text_align=&#8221;center&#8221; css_animation=&#8221;&#8221;][vc_column_inner][vc_column_text css=&#8221;.vc_custom_1450189148618{margin-top: 0px !important;margin-right: 0px !important;margin-bottom: 0px !important;margin-left: 0px !important;border-top-width: 0px !important;border-right-width: 0px !important;border-bottom-width: 0px !important;border-left-width: 0px !important;padding-top: 0px !important;padding-right: 0px !important;padding-bottom: 0px !important;padding-left: 0px !important;}&#8221;]<\/p>\n<h1 style=\"text-align: center;\"><span style=\"color: #ffffff;\">Situado en la localidad de \u00d2dena, a dos kil\u00f3metros de la ciudad de Igualada, ocupa una superficie de 33,8 hect\u00e1reas. Dispone de dos pistas paralelas: una de asfaltada y otra de c\u00e9sped (una pista secundaria de poco uso para los clubes), ambas de 900 metros de longitud y quince de anchura.<\/span><\/h1>\n<p>[\/vc_column_text][vc_separator type=&#8221;transparent&#8221;][\/vc_column_inner][\/vc_row_inner][\/vc_column][\/vc_row][vc_row row_type=&#8221;row&#8221; use_row_as_full_screen_section=&#8221;no&#8221; type=&#8221;full_width&#8221; angled_section=&#8221;no&#8221; text_align=&#8221;left&#8221; background_image_as_pattern=&#8221;without_pattern&#8221; css_animation=&#8221;&#8221;][vc_column][vc_empty_space height=&#8221;40px&#8221;][\/vc_column][\/vc_row][vc_row row_type=&#8221;row&#8221; use_row_as_full_screen_section=&#8221;no&#8221; type=&#8221;grid&#8221; angled_section=&#8221;no&#8221; text_align=&#8221;left&#8221; background_image_as_pattern=&#8221;without_pattern&#8221; css_animation=&#8221;&#8221;][vc_column width=&#8221;1\/2&#8243;][vc_column_text css=&#8221;.vc_custom_1450189158845{padding-top: 0px !important;padding-right: 20px !important;padding-bottom: 0px !important;padding-left: 0px !important;}&#8221;]Las instalaciones, de acceso restringido, est\u00e1n gestionadas por el Consorcio de Gesti\u00f3n del Aer\u00f3dromo Igualada-\u00d2dena. Disponemos de algunas de las mejores escuelas de Catalu\u00f1a de vuelo con motor, vuelo a vela -especialidad que consiste en mantenerse volando en un velero, o planeador, utilizando las corrientes ascendentes de aire-, avionetas, ultraligeros, alas delta y uno de los principales fabricantes, a nivel mundial, de globos aerost\u00e1ticos. Las escuelas ponen a disposici\u00f3n de los socios todo el material y las naves necesarias para practicar las diferentes disciplinas.[\/vc_column_text][vc_separator type=&#8221;transparent&#8221;][\/vc_column][vc_column width=&#8221;1\/2&#8243;][vc_column_text css=&#8221;.vc_custom_1450189165797{padding-top: 0px !important;padding-right: 20px !important;padding-bottom: 0px !important;padding-left: 0px !important;}&#8221;]Cabe destacar la celebraci\u00f3n anual de la Feria de Aeron\u00e1utica Deportiva (Aerosport), de gran eco internacional. Organizada por la Feria de Igualada, tiene como objetivo convertirse en un referente en el sector aeron\u00e1utico deportivo, corporativo y de servicios.[\/vc_column_text][vc_separator type=&#8221;transparent&#8221;][\/vc_column][\/vc_row][vc_row row_type=&#8221;row&#8221; use_row_as_full_screen_section=&#8221;no&#8221; type=&#8221;full_width&#8221; angled_section=&#8221;no&#8221; text_align=&#8221;left&#8221; background_image_as_pattern=&#8221;without_pattern&#8221; css_animation=&#8221;&#8221;][vc_column][vc_empty_space height=&#8221;100px&#8221;][\/vc_column][\/vc_row][vc_row row_type=&#8221;row&#8221; use_row_as_full_screen_section=&#8221;no&#8221; type=&#8221;full_width&#8221; angled_section=&#8221;no&#8221; text_align=&#8221;left&#8221; background_image_as_pattern=&#8221;without_pattern&#8221; css_animation=&#8221;&#8221; css=&#8221;.vc_custom_1446077656570{background-color: #1a6ca3 !important;}&#8221;][vc_column width=&#8221;2\/3&#8243;][vc_separator type=&#8221;transparent&#8221;][vc_separator type=&#8221;transparent&#8221;][vc_separator type=&#8221;transparent&#8221;][vc_column_text css=&#8221;.vc_custom_1450189317853{padding-top: 0px !important;padding-right: 0px !important;padding-bottom: 0px !important;padding-left: 20px !important;}&#8221;]<\/p>\n<h4 style=\"text-align: center;\"><\/h4>\n<h4 style=\"text-align: center;\"><span style=\"color: #ffffff;\"><strong>Contacta con nosotros si tienes alguna duda o sugerencia<\/strong><\/span><\/h4>\n<p>[\/vc_column_text][vc_separator type=&#8221;transparent&#8221;][vc_separator type=&#8221;transparent&#8221;][\/vc_column][vc_column width=&#8221;1\/3&#8243;][vc_separator type=&#8221;transparent&#8221;][vc_separator type=&#8221;transparent&#8221;]<a  href=\"http:\/\/www.caio.aero\/Es\/contacto\/\" target=\"_self\" data-hover-background-color=#0051a3 data-hover-border-color=#0051a3 data-hover-color=#ffffff class=\"qbutton  large white default\" style=\"color: #ffffff; border-color: #1e73be; border-radius: 30px;-moz-border-radius: 30px;-webkit-border-radius: 30px; background-color: #1e73be;\">Contacta<i class=\"fa fa-arrow-right\" style=\"\"><\/i><\/a>[vc_separator type=&#8221;transparent&#8221;][vc_separator type=&#8221;transparent&#8221;][\/vc_column][\/vc_row]<\/p>","protected":false},"excerpt":{"rendered":"<p>[vc_row row_type=&#8221;row&#8221; use_row_as_full_screen_section=&#8221;no&#8221; type=&#8221;grid&#8221; angled_section=&#8221;no&#8221; text_align=&#8221;left&#8221; background_image=&#8221;91&#8243; background_image_as_pattern=&#8221;without_pattern&#8221; css_animation=&#8221;&#8221; css=&#8221;.vc_custom_1446203797203{margin-top: 0px !important;margin-right: 0px !important;margin-bottom: 0px !important;margin-left: 0px !important;border-top-width: 0px !important;border-right-width: 0px !important;border-bottom-width: 0px !important;border-left-width: 0px !important;padding-top: 0px !important;padding-right: 0px !important;padding-bottom: 140px !important;padding-left: 0px !important;}&#8221;][vc_column width=&#8221;1\/6&#8243;][\/vc_column][vc_column width=&#8221;2\/3&#8243;][vc_empty_space height=&#8221;300px&#8221;][vc_column_text] CAIO [\/vc_column_text][vc_separator type=&#8221;transparent&#8221;][vc_column_text] HISTORIA [\/vc_column_text][vc_separator type=&#8221;transparent&#8221;][vc_column_text] El aer\u00f3dromo de Igualada-\u00d2dena fue construido durante el periodo de la Guerra Civil espa\u00f1ola como campo de aviaci\u00f3n y de enlace del ej\u00e9rcito republicano. En 1959 el Ayuntamiento de Igualada compr\u00f3 los terrenos y ubic\u00f3 el aer\u00f3dromo actual. [\/vc_column_text][\/vc_column][vc_column width=&#8221;1\/6&#8243;][\/vc_column][\/vc_row][vc_row row_type=&#8221;row&#8221; use_row_as_full_screen_section=&#8221;no&#8221; type=&#8221;full_width&#8221; angled_section=&#8221;no&#8221; text_align=&#8221;left&#8221; background_image_as_pattern=&#8221;without_pattern&#8221; css_animation=&#8221;&#8221;][vc_column][vc_empty_space height=&#8221;40px&#8221;][\/vc_column][\/vc_row][vc_row row_type=&#8221;row&#8221; use_row_as_full_screen_section=&#8221;no&#8221; type=&#8221;full_width&#8221; angled_section=&#8221;no&#8221; text_align=&#8221;left&#8221; background_image_as_pattern=&#8221;without_pattern&#8221; css_animation=&#8221;&#8221;][vc_column width=&#8221;1\/4&#8243;][\/vc_column][vc_column width=&#8221;1\/2&#8243;][vc_separator type=&#8221;transparent&#8221;][vc_column_text] El aer\u00f3dromo est\u00e1 concebido para acoger, exclusivamente, actividades de aviaci\u00f3n deportiva. Sin embargo, la Generalitat de Catalunya quiere potenciarlo para ayudar al desarrollo de las comarcas centrales y tiene la intenci\u00f3n de construir un sistema aeroportuario con todos los servicios necesarios para las aeronaves. El Plan Especial del Aer\u00f3dromo, ser\u00e1 el punto de partida para dinamizar esta instalaci\u00f3n en los pr\u00f3ximos a\u00f1os. [\/vc_column_text][vc_separator type=&#8221;transparent&#8221;][\/vc_column][vc_column width=&#8221;1\/4&#8243;][\/vc_column][\/vc_row][vc_row row_type=&#8221;row&#8221; use_row_as_full_screen_section=&#8221;no&#8221; type=&#8221;full_width&#8221; angled_section=&#8221;no&#8221; text_align=&#8221;left&#8221; background_image_as_pattern=&#8221;without_pattern&#8221; css_animation=&#8221;&#8221;][vc_column][vc_empty_space height=&#8221;100px&#8221;][\/vc_column][\/vc_row][vc_row row_type=&#8221;row&#8221; use_row_as_full_screen_section=&#8221;no&#8221; type=&#8221;full_width&#8221; angled_section=&#8221;no&#8221; text_align=&#8221;center&#8221; background_image=&#8221;43&#8243; background_image_as_pattern=&#8221;without_pattern&#8221; css_animation=&#8221;&#8221; css=&#8221;.vc_custom_1446193998684{margin-top: 0px !important;margin-right: 0px !important;margin-bottom: 0px !important;margin-left: 0px !important;border-top-width: 0px !important;border-right-width: 0px !important;border-bottom-width: 0px !important;border-left-width: 0px !important;padding-top: 0px&#8230;<\/p>\n","protected":false},"author":1,"featured_media":0,"parent":0,"menu_order":0,"comment_status":"closed","ping_status":"closed","template":"full_width.php","meta":[],"yoast_head":"<!-- This site is optimized with the Yoast SEO plugin v19.9 - https:\/\/yoast.com\/wordpress\/plugins\/seo\/ -->\n<title>CAIO | Hist\u00f2ria<\/title>\n<meta name=\"description\" content=\"CAIO | Hist\u00f2ria | L\u2019aer\u00f2drom d\u2019Igualada-\u00d2dena va ser constru\u00eft en el per\u00edode de la Guerra Civil espanyola com a camp d\u2019aviaci\u00f3 i d\u2019enlla\u00e7 per a l\u2019ex\u00e8rcit republic\u00e0.\" \/>\n<meta name=\"robots\" content=\"index, follow, max-snippet:-1, max-image-preview:large, max-video-preview:-1\" \/>\n<link rel=\"canonical\" href=\"https:\/\/www.caio.aero\/historia\/\" \/>\n<meta property=\"og:locale\" content=\"es_ES\" \/>\n<meta property=\"og:type\" content=\"article\" \/>\n<meta property=\"og:title\" content=\"CAIO | Hist\u00f2ria\" \/>\n<meta property=\"og:description\" content=\"CAIO | Hist\u00f2ria | L\u2019aer\u00f2drom d\u2019Igualada-\u00d2dena va ser constru\u00eft en el per\u00edode de la Guerra Civil espanyola com a camp d\u2019aviaci\u00f3 i d\u2019enlla\u00e7 per a l\u2019ex\u00e8rcit republic\u00e0.\" \/>\n<meta property=\"og:url\" content=\"https:\/\/www.caio.aero\/historia\/\" \/>\n<meta property=\"og:site_name\" content=\"CAIO\" \/>\n<meta property=\"article:modified_time\" content=\"2015-12-15T15:08:35+00:00\" \/>\n<meta name=\"twitter:card\" content=\"summary_large_image\" \/>\n<meta name=\"twitter:label1\" content=\"Est. reading time\" \/>\n\t<meta name=\"twitter:data1\" content=\"15 minutes\" \/>\n<script type=\"application\/ld+json\" class=\"yoast-schema-graph\">{\"@context\":\"https:\/\/schema.org\",\"@graph\":[{\"@type\":\"WebPage\",\"@id\":\"https:\/\/www.caio.aero\/historia\/\",\"url\":\"https:\/\/www.caio.aero\/historia\/\",\"name\":\"CAIO | Hist\u00f2ria\",\"isPartOf\":{\"@id\":\"https:\/\/www.caio.aero\/#website\"},\"datePublished\":\"2015-10-30T11:07:01+00:00\",\"dateModified\":\"2015-12-15T15:08:35+00:00\",\"description\":\"CAIO | Hist\u00f2ria | L\u2019aer\u00f2drom d\u2019Igualada-\u00d2dena va ser constru\u00eft en el per\u00edode de la Guerra Civil espanyola com a camp d\u2019aviaci\u00f3 i d\u2019enlla\u00e7 per a l\u2019ex\u00e8rcit republic\u00e0.\",\"breadcrumb\":{\"@id\":\"https:\/\/www.caio.aero\/historia\/#breadcrumb\"},\"inLanguage\":\"es-es\",\"potentialAction\":[{\"@type\":\"ReadAction\",\"target\":[\"https:\/\/www.caio.aero\/historia\/\"]}]},{\"@type\":\"BreadcrumbList\",\"@id\":\"https:\/\/www.caio.aero\/historia\/#breadcrumb\",\"itemListElement\":[{\"@type\":\"ListItem\",\"position\":1,\"name\":\"Home\",\"item\":\"https:\/\/www.caio.aero\/\"},{\"@type\":\"ListItem\",\"position\":2,\"name\":\"Hist\u00f2ria\"}]},{\"@type\":\"WebSite\",\"@id\":\"https:\/\/www.caio.aero\/#website\",\"url\":\"https:\/\/www.caio.aero\/\",\"name\":\"CAIO\",\"description\":\"Consorci Aer\u00f2drom Igualada \u00d2dena\",\"potentialAction\":[{\"@type\":\"SearchAction\",\"target\":{\"@type\":\"EntryPoint\",\"urlTemplate\":\"https:\/\/www.caio.aero\/?s={search_term_string}\"},\"query-input\":\"required name=search_term_string\"}],\"inLanguage\":\"es-es\"}]}<\/script>\n<!-- \/ Yoast SEO plugin. -->","yoast_head_json":{"title":"CAIO | Hist\u00f2ria","description":"CAIO | Hist\u00f2ria | L\u2019aer\u00f2drom d\u2019Igualada-\u00d2dena va ser constru\u00eft en el per\u00edode de la Guerra Civil espanyola com a camp d\u2019aviaci\u00f3 i d\u2019enlla\u00e7 per a l\u2019ex\u00e8rcit republic\u00e0.","robots":{"index":"index","follow":"follow","max-snippet":"max-snippet:-1","max-image-preview":"max-image-preview:large","max-video-preview":"max-video-preview:-1"},"canonical":"https:\/\/www.caio.aero\/historia\/","og_locale":"es_ES","og_type":"article","og_title":"CAIO | Hist\u00f2ria","og_description":"CAIO | Hist\u00f2ria | L\u2019aer\u00f2drom d\u2019Igualada-\u00d2dena va ser constru\u00eft en el per\u00edode de la Guerra Civil espanyola com a camp d\u2019aviaci\u00f3 i d\u2019enlla\u00e7 per a l\u2019ex\u00e8rcit republic\u00e0.","og_url":"https:\/\/www.caio.aero\/historia\/","og_site_name":"CAIO","article_modified_time":"2015-12-15T15:08:35+00:00","twitter_card":"summary_large_image","twitter_misc":{"Est. reading time":"15 minutes"},"schema":{"@context":"https:\/\/schema.org","@graph":[{"@type":"WebPage","@id":"https:\/\/www.caio.aero\/historia\/","url":"https:\/\/www.caio.aero\/historia\/","name":"CAIO | Hist\u00f2ria","isPartOf":{"@id":"https:\/\/www.caio.aero\/#website"},"datePublished":"2015-10-30T11:07:01+00:00","dateModified":"2015-12-15T15:08:35+00:00","description":"CAIO | Hist\u00f2ria | L\u2019aer\u00f2drom d\u2019Igualada-\u00d2dena va ser constru\u00eft en el per\u00edode de la Guerra Civil espanyola com a camp d\u2019aviaci\u00f3 i d\u2019enlla\u00e7 per a l\u2019ex\u00e8rcit republic\u00e0.","breadcrumb":{"@id":"https:\/\/www.caio.aero\/historia\/#breadcrumb"},"inLanguage":"es-es","potentialAction":[{"@type":"ReadAction","target":["https:\/\/www.caio.aero\/historia\/"]}]},{"@type":"BreadcrumbList","@id":"https:\/\/www.caio.aero\/historia\/#breadcrumb","itemListElement":[{"@type":"ListItem","position":1,"name":"Home","item":"https:\/\/www.caio.aero\/"},{"@type":"ListItem","position":2,"name":"Hist\u00f2ria"}]},{"@type":"WebSite","@id":"https:\/\/www.caio.aero\/#website","url":"https:\/\/www.caio.aero\/","name":"CAIO","description":"Consorci Aer\u00f2drom Igualada \u00d2dena","potentialAction":[{"@type":"SearchAction","target":{"@type":"EntryPoint","urlTemplate":"https:\/\/www.caio.aero\/?s={search_term_string}"},"query-input":"required name=search_term_string"}],"inLanguage":"es-es"}]}},"_links":{"self":[{"href":"https:\/\/www.caio.aero\/Es\/wp-json\/wp\/v2\/pages\/84"}],"collection":[{"href":"https:\/\/www.caio.aero\/Es\/wp-json\/wp\/v2\/pages"}],"about":[{"href":"https:\/\/www.caio.aero\/Es\/wp-json\/wp\/v2\/types\/page"}],"author":[{"embeddable":true,"href":"https:\/\/www.caio.aero\/Es\/wp-json\/wp\/v2\/users\/1"}],"replies":[{"embeddable":true,"href":"https:\/\/www.caio.aero\/Es\/wp-json\/wp\/v2\/comments?post=84"}],"version-history":[{"count":22,"href":"https:\/\/www.caio.aero\/Es\/wp-json\/wp\/v2\/pages\/84\/revisions"}],"predecessor-version":[{"id":272,"href":"https:\/\/www.caio.aero\/Es\/wp-json\/wp\/v2\/pages\/84\/revisions\/272"}],"wp:attachment":[{"href":"https:\/\/www.caio.aero\/Es\/wp-json\/wp\/v2\/media?parent=84"}],"curies":[{"name":"wp","href":"https:\/\/api.w.org\/{rel}","templated":true}]}}