{"id":84,"date":"2015-10-30T11:07:01","date_gmt":"2015-10-30T11:07:01","guid":{"rendered":"http:\/\/www.caio.cat\/?page_id=84"},"modified":"2015-12-15T15:08:35","modified_gmt":"2015-12-15T15:08:35","slug":"historia","status":"publish","type":"page","link":"https:\/\/www.caio.aero\/en\/history\/","title":{"rendered":"History"},"content":{"rendered":"<p>[vc_row row_type=&#8221;row&#8221; use_row_as_full_screen_section=&#8221;no&#8221; type=&#8221;grid&#8221; angled_section=&#8221;no&#8221; text_align=&#8221;left&#8221; background_image=&#8221;91&#8243; background_image_as_pattern=&#8221;without_pattern&#8221; css_animation=&#8221;&#8221; css=&#8221;.vc_custom_1446203797203{margin-top: 0px !important;margin-right: 0px !important;margin-bottom: 0px !important;margin-left: 0px !important;border-top-width: 0px !important;border-right-width: 0px !important;border-bottom-width: 0px !important;border-left-width: 0px !important;padding-top: 0px !important;padding-right: 0px !important;padding-bottom: 140px !important;padding-left: 0px !important;}&#8221;][vc_column width=&#8221;1\/6&#8243;][\/vc_column][vc_column width=&#8221;2\/3&#8243;][vc_empty_space height=&#8221;300px&#8221;][vc_column_text]<\/p>\n<h5 style=\"text-align: center;\"><strong><span style=\"color: #ffffff;\">CAIO<\/span><\/strong><\/h5>\n<p>[\/vc_column_text][vc_separator type=&#8221;transparent&#8221;][vc_column_text]<\/p>\n<h1 style=\"text-align: center;\"><span style=\"color: #ffffff;\">HISTORY<\/span><\/h1>\n<p>[\/vc_column_text][vc_separator type=&#8221;transparent&#8221;][vc_column_text]<\/p>\n<p style=\"text-align: center;\"><span style=\"color: #ffffff;\">The Igualada-Odena aerodrome was built during the Spanish Civil War, which supplied aeronautical needs to the Republican Army. The City of Igualada bought the land in 1959 and subsequently placed the current aerodrome.<\/span><\/p>\n<p>[\/vc_column_text][\/vc_column][vc_column width=&#8221;1\/6&#8243;][\/vc_column][\/vc_row][vc_row row_type=&#8221;row&#8221; use_row_as_full_screen_section=&#8221;no&#8221; type=&#8221;full_width&#8221; angled_section=&#8221;no&#8221; text_align=&#8221;left&#8221; background_image_as_pattern=&#8221;without_pattern&#8221; css_animation=&#8221;&#8221;][vc_column][vc_empty_space height=&#8221;40px&#8221;][\/vc_column][\/vc_row][vc_row row_type=&#8221;row&#8221; use_row_as_full_screen_section=&#8221;no&#8221; type=&#8221;full_width&#8221; angled_section=&#8221;no&#8221; text_align=&#8221;left&#8221; background_image_as_pattern=&#8221;without_pattern&#8221; css_animation=&#8221;&#8221;][vc_column width=&#8221;1\/4&#8243;][\/vc_column][vc_column width=&#8221;1\/2&#8243;][vc_separator type=&#8221;transparent&#8221;][vc_column_text]<\/p>\n<p style=\"text-align: center;\">The aerodrome is specifically devised to host recreational aviation activities. In addition, the goverment of Catalonia (Generalitat) aims to expand aircraft services of the aerodrome for developing a complete airport system. The expansion is part of the general government\u2019s blueprint to expand the aeronautical capacity of the central counties in Catalonia. The Aerodrome Special Plan contains the blueprint for the revitalization of the aerodrome during the upcoming years.<\/p>\n<p>[\/vc_column_text][vc_separator type=&#8221;transparent&#8221;][\/vc_column][vc_column width=&#8221;1\/4&#8243;][\/vc_column][\/vc_row][vc_row row_type=&#8221;row&#8221; use_row_as_full_screen_section=&#8221;no&#8221; type=&#8221;full_width&#8221; angled_section=&#8221;no&#8221; text_align=&#8221;left&#8221; background_image_as_pattern=&#8221;without_pattern&#8221; css_animation=&#8221;&#8221;][vc_column][vc_empty_space height=&#8221;100px&#8221;][\/vc_column][\/vc_row][vc_row row_type=&#8221;row&#8221; use_row_as_full_screen_section=&#8221;no&#8221; type=&#8221;full_width&#8221; angled_section=&#8221;no&#8221; text_align=&#8221;center&#8221; background_image=&#8221;43&#8243; background_image_as_pattern=&#8221;without_pattern&#8221; css_animation=&#8221;&#8221; css=&#8221;.vc_custom_1446193998684{margin-top: 0px !important;margin-right: 0px !important;margin-bottom: 0px !important;margin-left: 0px !important;border-top-width: 0px !important;border-right-width: 0px !important;border-bottom-width: 0px !important;border-left-width: 0px !important;padding-top: 0px !important;padding-right: 0px !important;padding-bottom: 200px !important;padding-left: 0px !important;}&#8221;][vc_column][vc_empty_space height=&#8221;200px&#8221;][vc_row_inner row_type=&#8221;row&#8221; type=&#8221;grid&#8221; text_align=&#8221;center&#8221; css_animation=&#8221;&#8221;][vc_column_inner][vc_column_text css=&#8221;.vc_custom_1446226253132{margin-top: 0px !important;margin-right: 0px !important;margin-bottom: 0px !important;margin-left: 0px !important;border-top-width: 0px !important;border-right-width: 0px !important;border-bottom-width: 0px !important;border-left-width: 0px !important;padding-top: 0px !important;padding-right: 0px !important;padding-bottom: 0px !important;padding-left: 0px !important;}&#8221;]<\/p>\n<h1 style=\"text-align: center;\"><span style=\"color: #ffffff;\">The aerodrome is located within the city limits of Odena, about two kilometers from Igualada. It ocuppies an area of approximately 33.8 ha. It offers two parallel runways, both 900 m long and 15 m wide. The main runway has an asphalt surface whereas the secondary runway has a grass surface.<\/span><\/h1>\n<p>[\/vc_column_text][vc_separator type=&#8221;transparent&#8221;][\/vc_column_inner][\/vc_row_inner][\/vc_column][\/vc_row][vc_row row_type=&#8221;row&#8221; use_row_as_full_screen_section=&#8221;no&#8221; type=&#8221;full_width&#8221; angled_section=&#8221;no&#8221; text_align=&#8221;left&#8221; background_image_as_pattern=&#8221;without_pattern&#8221; css_animation=&#8221;&#8221;][vc_column][vc_empty_space height=&#8221;40px&#8221;][\/vc_column][\/vc_row][vc_row row_type=&#8221;row&#8221; use_row_as_full_screen_section=&#8221;no&#8221; type=&#8221;grid&#8221; angled_section=&#8221;no&#8221; text_align=&#8221;left&#8221; background_image_as_pattern=&#8221;without_pattern&#8221; css_animation=&#8221;&#8221;][vc_column width=&#8221;1\/2&#8243;][vc_column_text css=&#8221;.vc_custom_1446226272526{padding-top: 0px !important;padding-right: 20px !important;padding-bottom: 0px !important;padding-left: 0px !important;}&#8221;]Access to the aerodrome\u2019s facilities is restricted and are managed by the Igualada-Odena Aerodrome Management Consortium. The aerodrome offers some of the best Catalonia\u2019s training schools in powered aircraft, gliders (flying using updrafts), small planes, or hot air balloons. Members of the training schools receive all teaching materials and aircraft needed for practicing each discipline.[\/vc_column_text][vc_separator type=&#8221;transparent&#8221;][\/vc_column][vc_column width=&#8221;1\/2&#8243;][vc_column_text css=&#8221;.vc_custom_1446226283563{padding-top: 0px !important;padding-right: 20px !important;padding-bottom: 0px !important;padding-left: 0px !important;}&#8221;]The aerodrome is the epicenter of the anual Airshow, which gained International recognition. The Airshow is organized by Fira d\u2019Igualada and aims to become a referent in the aeronautical recreational sector, both corporate and services.[\/vc_column_text][vc_separator type=&#8221;transparent&#8221;][\/vc_column][\/vc_row][vc_row row_type=&#8221;row&#8221; use_row_as_full_screen_section=&#8221;no&#8221; type=&#8221;full_width&#8221; angled_section=&#8221;no&#8221; text_align=&#8221;left&#8221; background_image_as_pattern=&#8221;without_pattern&#8221; css_animation=&#8221;&#8221;][vc_column][vc_empty_space height=&#8221;100px&#8221;][\/vc_column][\/vc_row][vc_row row_type=&#8221;row&#8221; use_row_as_full_screen_section=&#8221;no&#8221; type=&#8221;full_width&#8221; angled_section=&#8221;no&#8221; text_align=&#8221;left&#8221; background_image_as_pattern=&#8221;without_pattern&#8221; css_animation=&#8221;&#8221; css=&#8221;.vc_custom_1446077656570{background-color: #1a6ca3 !important;}&#8221;][vc_column width=&#8221;2\/3&#8243;][vc_separator type=&#8221;transparent&#8221;][vc_separator type=&#8221;transparent&#8221;][vc_separator type=&#8221;transparent&#8221;][vc_column_text css=&#8221;.vc_custom_1446226570293{padding-top: 0px !important;padding-right: 0px !important;padding-bottom: 0px !important;padding-left: 20px !important;}&#8221;]<\/p>\n<h4 style=\"text-align: center;\"><strong><span style=\"color: #ffffff;\">Contact us if you have any questions or suggestions<\/span><\/strong><\/h4>\n<p>[\/vc_column_text][vc_separator type=&#8221;transparent&#8221;][vc_separator type=&#8221;transparent&#8221;][\/vc_column][vc_column width=&#8221;1\/3&#8243;][vc_separator type=&#8221;transparent&#8221;][vc_separator type=&#8221;transparent&#8221;]<a  href=\"http:\/\/www.caio.aero\/contact\/\" target=\"_self\" data-hover-background-color=#0051a3 data-hover-border-color=#0051a3 data-hover-color=#ffffff class=\"qbutton  large white default\" style=\"color: #ffffff; border-color: #1e73be; border-radius: 30px;-moz-border-radius: 30px;-webkit-border-radius: 30px; background-color: #1e73be;\">Contact<i class=\"fa fa-arrow-right\" style=\"\"><\/i><\/a>[vc_separator type=&#8221;transparent&#8221;][vc_separator type=&#8221;transparent&#8221;][\/vc_column][\/vc_row]<\/p>","protected":false},"excerpt":{"rendered":"<p>[vc_row row_type=&#8221;row&#8221; use_row_as_full_screen_section=&#8221;no&#8221; type=&#8221;grid&#8221; angled_section=&#8221;no&#8221; text_align=&#8221;left&#8221; background_image=&#8221;91&#8243; background_image_as_pattern=&#8221;without_pattern&#8221; css_animation=&#8221;&#8221; css=&#8221;.vc_custom_1446203797203{margin-top: 0px !important;margin-right: 0px !important;margin-bottom: 0px !important;margin-left: 0px !important;border-top-width: 0px !important;border-right-width: 0px !important;border-bottom-width: 0px !important;border-left-width: 0px !important;padding-top: 0px !important;padding-right: 0px !important;padding-bottom: 140px !important;padding-left: 0px !important;}&#8221;][vc_column width=&#8221;1\/6&#8243;][\/vc_column][vc_column width=&#8221;2\/3&#8243;][vc_empty_space height=&#8221;300px&#8221;][vc_column_text] CAIO [\/vc_column_text][vc_separator type=&#8221;transparent&#8221;][vc_column_text] HISTORY [\/vc_column_text][vc_separator type=&#8221;transparent&#8221;][vc_column_text] The Igualada-Odena aerodrome was built during the Spanish Civil War, which supplied aeronautical needs to the Republican Army. The City of Igualada bought the land in 1959 and subsequently placed the current aerodrome. [\/vc_column_text][\/vc_column][vc_column width=&#8221;1\/6&#8243;][\/vc_column][\/vc_row][vc_row row_type=&#8221;row&#8221; use_row_as_full_screen_section=&#8221;no&#8221; type=&#8221;full_width&#8221; angled_section=&#8221;no&#8221; text_align=&#8221;left&#8221; background_image_as_pattern=&#8221;without_pattern&#8221; css_animation=&#8221;&#8221;][vc_column][vc_empty_space height=&#8221;40px&#8221;][\/vc_column][\/vc_row][vc_row row_type=&#8221;row&#8221; use_row_as_full_screen_section=&#8221;no&#8221; type=&#8221;full_width&#8221; angled_section=&#8221;no&#8221; text_align=&#8221;left&#8221; background_image_as_pattern=&#8221;without_pattern&#8221; css_animation=&#8221;&#8221;][vc_column width=&#8221;1\/4&#8243;][\/vc_column][vc_column width=&#8221;1\/2&#8243;][vc_separator type=&#8221;transparent&#8221;][vc_column_text] The aerodrome is specifically devised to host recreational aviation activities. In addition, the goverment of Catalonia (Generalitat) aims to expand aircraft services of the aerodrome for developing a complete airport system. The expansion is part of the general government\u2019s blueprint to expand the aeronautical capacity of the central counties in Catalonia. The Aerodrome Special Plan contains the blueprint for the revitalization of the aerodrome during the upcoming years. [\/vc_column_text][vc_separator type=&#8221;transparent&#8221;][\/vc_column][vc_column width=&#8221;1\/4&#8243;][\/vc_column][\/vc_row][vc_row row_type=&#8221;row&#8221; use_row_as_full_screen_section=&#8221;no&#8221; type=&#8221;full_width&#8221; angled_section=&#8221;no&#8221; text_align=&#8221;left&#8221; background_image_as_pattern=&#8221;without_pattern&#8221; css_animation=&#8221;&#8221;][vc_column][vc_empty_space height=&#8221;100px&#8221;][\/vc_column][\/vc_row][vc_row row_type=&#8221;row&#8221; use_row_as_full_screen_section=&#8221;no&#8221; type=&#8221;full_width&#8221; angled_section=&#8221;no&#8221; text_align=&#8221;center&#8221; background_image=&#8221;43&#8243; background_image_as_pattern=&#8221;without_pattern&#8221; css_animation=&#8221;&#8221; css=&#8221;.vc_custom_1446193998684{margin-top: 0px !important;margin-right: 0px !important;margin-bottom: 0px !important;margin-left: 0px !important;border-top-width: 0px !important;border-right-width: 0px !important;border-bottom-width: 0px !important;border-left-width: 0px !important;padding-top:&#8230;<\/p>\n","protected":false},"author":1,"featured_media":0,"parent":0,"menu_order":0,"comment_status":"closed","ping_status":"closed","template":"full_width.php","meta":[],"yoast_head":"<!-- This site is optimized with the Yoast SEO plugin v19.9 - https:\/\/yoast.com\/wordpress\/plugins\/seo\/ -->\n<title>CAIO | Hist\u00f2ria<\/title>\n<meta name=\"description\" content=\"CAIO | Hist\u00f2ria | L\u2019aer\u00f2drom d\u2019Igualada-\u00d2dena va ser constru\u00eft en el per\u00edode de la Guerra Civil espanyola com a camp d\u2019aviaci\u00f3 i d\u2019enlla\u00e7 per a l\u2019ex\u00e8rcit republic\u00e0.\" \/>\n<meta name=\"robots\" content=\"index, follow, max-snippet:-1, max-image-preview:large, max-video-preview:-1\" \/>\n<link rel=\"canonical\" href=\"https:\/\/www.caio.aero\/historia\/\" \/>\n<meta property=\"og:locale\" content=\"en_US\" \/>\n<meta property=\"og:type\" content=\"article\" \/>\n<meta property=\"og:title\" content=\"CAIO | Hist\u00f2ria\" \/>\n<meta property=\"og:description\" content=\"CAIO | Hist\u00f2ria | L\u2019aer\u00f2drom d\u2019Igualada-\u00d2dena va ser constru\u00eft en el per\u00edode de la Guerra Civil espanyola com a camp d\u2019aviaci\u00f3 i d\u2019enlla\u00e7 per a l\u2019ex\u00e8rcit republic\u00e0.\" \/>\n<meta property=\"og:url\" content=\"https:\/\/www.caio.aero\/historia\/\" \/>\n<meta property=\"og:site_name\" content=\"CAIO\" \/>\n<meta property=\"article:modified_time\" content=\"2015-12-15T15:08:35+00:00\" \/>\n<meta name=\"twitter:card\" content=\"summary_large_image\" \/>\n<meta name=\"twitter:label1\" content=\"Est. reading time\" \/>\n\t<meta name=\"twitter:data1\" content=\"15 minutes\" \/>\n<script type=\"application\/ld+json\" class=\"yoast-schema-graph\">{\"@context\":\"https:\/\/schema.org\",\"@graph\":[{\"@type\":\"WebPage\",\"@id\":\"https:\/\/www.caio.aero\/historia\/\",\"url\":\"https:\/\/www.caio.aero\/historia\/\",\"name\":\"CAIO | Hist\u00f2ria\",\"isPartOf\":{\"@id\":\"https:\/\/www.caio.aero\/#website\"},\"datePublished\":\"2015-10-30T11:07:01+00:00\",\"dateModified\":\"2015-12-15T15:08:35+00:00\",\"description\":\"CAIO | Hist\u00f2ria | L\u2019aer\u00f2drom d\u2019Igualada-\u00d2dena va ser constru\u00eft en el per\u00edode de la Guerra Civil espanyola com a camp d\u2019aviaci\u00f3 i d\u2019enlla\u00e7 per a l\u2019ex\u00e8rcit republic\u00e0.\",\"breadcrumb\":{\"@id\":\"https:\/\/www.caio.aero\/historia\/#breadcrumb\"},\"inLanguage\":\"en-US\",\"potentialAction\":[{\"@type\":\"ReadAction\",\"target\":[\"https:\/\/www.caio.aero\/historia\/\"]}]},{\"@type\":\"BreadcrumbList\",\"@id\":\"https:\/\/www.caio.aero\/historia\/#breadcrumb\",\"itemListElement\":[{\"@type\":\"ListItem\",\"position\":1,\"name\":\"Home\",\"item\":\"https:\/\/www.caio.aero\/\"},{\"@type\":\"ListItem\",\"position\":2,\"name\":\"Hist\u00f2ria\"}]},{\"@type\":\"WebSite\",\"@id\":\"https:\/\/www.caio.aero\/#website\",\"url\":\"https:\/\/www.caio.aero\/\",\"name\":\"CAIO\",\"description\":\"Consorci Aer\u00f2drom Igualada \u00d2dena\",\"potentialAction\":[{\"@type\":\"SearchAction\",\"target\":{\"@type\":\"EntryPoint\",\"urlTemplate\":\"https:\/\/www.caio.aero\/?s={search_term_string}\"},\"query-input\":\"required name=search_term_string\"}],\"inLanguage\":\"en-US\"}]}<\/script>\n<!-- \/ Yoast SEO plugin. -->","yoast_head_json":{"title":"CAIO | Hist\u00f2ria","description":"CAIO | Hist\u00f2ria | L\u2019aer\u00f2drom d\u2019Igualada-\u00d2dena va ser constru\u00eft en el per\u00edode de la Guerra Civil espanyola com a camp d\u2019aviaci\u00f3 i d\u2019enlla\u00e7 per a l\u2019ex\u00e8rcit republic\u00e0.","robots":{"index":"index","follow":"follow","max-snippet":"max-snippet:-1","max-image-preview":"max-image-preview:large","max-video-preview":"max-video-preview:-1"},"canonical":"https:\/\/www.caio.aero\/historia\/","og_locale":"en_US","og_type":"article","og_title":"CAIO | Hist\u00f2ria","og_description":"CAIO | Hist\u00f2ria | L\u2019aer\u00f2drom d\u2019Igualada-\u00d2dena va ser constru\u00eft en el per\u00edode de la Guerra Civil espanyola com a camp d\u2019aviaci\u00f3 i d\u2019enlla\u00e7 per a l\u2019ex\u00e8rcit republic\u00e0.","og_url":"https:\/\/www.caio.aero\/historia\/","og_site_name":"CAIO","article_modified_time":"2015-12-15T15:08:35+00:00","twitter_card":"summary_large_image","twitter_misc":{"Est. reading time":"15 minutes"},"schema":{"@context":"https:\/\/schema.org","@graph":[{"@type":"WebPage","@id":"https:\/\/www.caio.aero\/historia\/","url":"https:\/\/www.caio.aero\/historia\/","name":"CAIO | Hist\u00f2ria","isPartOf":{"@id":"https:\/\/www.caio.aero\/#website"},"datePublished":"2015-10-30T11:07:01+00:00","dateModified":"2015-12-15T15:08:35+00:00","description":"CAIO | Hist\u00f2ria | L\u2019aer\u00f2drom d\u2019Igualada-\u00d2dena va ser constru\u00eft en el per\u00edode de la Guerra Civil espanyola com a camp d\u2019aviaci\u00f3 i d\u2019enlla\u00e7 per a l\u2019ex\u00e8rcit republic\u00e0.","breadcrumb":{"@id":"https:\/\/www.caio.aero\/historia\/#breadcrumb"},"inLanguage":"en-US","potentialAction":[{"@type":"ReadAction","target":["https:\/\/www.caio.aero\/historia\/"]}]},{"@type":"BreadcrumbList","@id":"https:\/\/www.caio.aero\/historia\/#breadcrumb","itemListElement":[{"@type":"ListItem","position":1,"name":"Home","item":"https:\/\/www.caio.aero\/"},{"@type":"ListItem","position":2,"name":"Hist\u00f2ria"}]},{"@type":"WebSite","@id":"https:\/\/www.caio.aero\/#website","url":"https:\/\/www.caio.aero\/","name":"CAIO","description":"Consorci Aer\u00f2drom Igualada \u00d2dena","potentialAction":[{"@type":"SearchAction","target":{"@type":"EntryPoint","urlTemplate":"https:\/\/www.caio.aero\/?s={search_term_string}"},"query-input":"required name=search_term_string"}],"inLanguage":"en-US"}]}},"_links":{"self":[{"href":"https:\/\/www.caio.aero\/en\/wp-json\/wp\/v2\/pages\/84"}],"collection":[{"href":"https:\/\/www.caio.aero\/en\/wp-json\/wp\/v2\/pages"}],"about":[{"href":"https:\/\/www.caio.aero\/en\/wp-json\/wp\/v2\/types\/page"}],"author":[{"embeddable":true,"href":"https:\/\/www.caio.aero\/en\/wp-json\/wp\/v2\/users\/1"}],"replies":[{"embeddable":true,"href":"https:\/\/www.caio.aero\/en\/wp-json\/wp\/v2\/comments?post=84"}],"version-history":[{"count":22,"href":"https:\/\/www.caio.aero\/en\/wp-json\/wp\/v2\/pages\/84\/revisions"}],"predecessor-version":[{"id":272,"href":"https:\/\/www.caio.aero\/en\/wp-json\/wp\/v2\/pages\/84\/revisions\/272"}],"wp:attachment":[{"href":"https:\/\/www.caio.aero\/en\/wp-json\/wp\/v2\/media?parent=84"}],"curies":[{"name":"wp","href":"https:\/\/api.w.org\/{rel}","templated":true}]}}